{"id":13,"date":"2009-12-10T22:07:16","date_gmt":"2009-12-10T21:07:16","guid":{"rendered":"http:\/\/www.wiedersehn.de\/wp\/?page_id=13"},"modified":"2025-12-09T21:37:29","modified_gmt":"2025-12-09T20:37:29","slug":"team","status":"publish","type":"page","link":"https:\/\/www.gruene-gladbeck.de\/?page_id=13","title":{"rendered":"Fraktionsmitglieder"},"content":{"rendered":"\n<p>Politik wird von Menschen gemacht. Wir machen uns f\u00fcr sozial-\u00f6kologische Ziele in Gladbeck stark. Wir sind keine Berufspolitiker. Wir engagieren uns ehrenamtlich f\u00fcr unsere Stadt.<\/p>\n\n\n\n<div style=\"height:39px\" aria-hidden=\"true\" class=\"wp-block-spacer\"><\/div>\n\n\n\n<p>Im Rat der Stadt Gladbeck werden seit November 2025 durch drei Ratsmitglieder vertreten:<\/p>\n\n\n\n<div class=\"wp-block-group is-layout-constrained wp-block-group-is-layout-constrained\">\n<figure class=\"wp-block-gallery has-nested-images columns-default is-cropped wp-block-gallery-1 is-layout-flex wp-block-gallery-is-layout-flex\">\n<figure class=\"wp-block-image size-large\"><a href=\"https:\/\/www.gruene-gladbeck.de\/cms\/wp-content\/uploads\/2025\/11\/3-1-scaled.jpg\"><img loading=\"lazy\" decoding=\"async\" width=\"800\" height=\"1000\" data-id=\"4169\" src=\"https:\/\/www.gruene-gladbeck.de\/cms\/wp-content\/uploads\/2025\/11\/3-1-800x1000.jpg\" alt=\"Frederic Uschmann\" class=\"wp-image-4169\" srcset=\"https:\/\/www.gruene-gladbeck.de\/cms\/wp-content\/uploads\/2025\/11\/3-1-800x1000.jpg 800w, https:\/\/www.gruene-gladbeck.de\/cms\/wp-content\/uploads\/2025\/11\/3-1-400x500.jpg 400w, https:\/\/www.gruene-gladbeck.de\/cms\/wp-content\/uploads\/2025\/11\/3-1-768x960.jpg 768w, https:\/\/www.gruene-gladbeck.de\/cms\/wp-content\/uploads\/2025\/11\/3-1-1229x1536.jpg 1229w, https:\/\/www.gruene-gladbeck.de\/cms\/wp-content\/uploads\/2025\/11\/3-1-1638x2048.jpg 1638w, https:\/\/www.gruene-gladbeck.de\/cms\/wp-content\/uploads\/2025\/11\/3-1-scaled.jpg 2048w\" sizes=\"auto, (max-width: 800px) 100vw, 800px\" \/><\/a><figcaption class=\"wp-element-caption\">Frederic Uschmann, Fraktionsvorsitzender<\/figcaption><\/figure>\n\n\n\n<figure class=\"wp-block-image size-full\"><a href=\"https:\/\/www.gruene-gladbeck.de\/cms\/wp-content\/uploads\/2025\/09\/4-scaled.jpg\"><img loading=\"lazy\" decoding=\"async\" width=\"2048\" height=\"2560\" data-id=\"4137\" src=\"https:\/\/www.gruene-gladbeck.de\/cms\/wp-content\/uploads\/2025\/09\/4-scaled.jpg\" alt=\"\" class=\"wp-image-4137\" srcset=\"https:\/\/www.gruene-gladbeck.de\/cms\/wp-content\/uploads\/2025\/09\/4-scaled.jpg 2048w, https:\/\/www.gruene-gladbeck.de\/cms\/wp-content\/uploads\/2025\/09\/4-400x500.jpg 400w, https:\/\/www.gruene-gladbeck.de\/cms\/wp-content\/uploads\/2025\/09\/4-800x1000.jpg 800w, https:\/\/www.gruene-gladbeck.de\/cms\/wp-content\/uploads\/2025\/09\/4-768x960.jpg 768w, https:\/\/www.gruene-gladbeck.de\/cms\/wp-content\/uploads\/2025\/09\/4-1229x1536.jpg 1229w, https:\/\/www.gruene-gladbeck.de\/cms\/wp-content\/uploads\/2025\/09\/4-1638x2048.jpg 1638w\" sizes=\"auto, (max-width: 2048px) 100vw, 2048px\" \/><\/a><figcaption class=\"wp-element-caption\">Ninja Lenz, Fraktionsvorsitzende<\/figcaption><\/figure>\n<\/figure>\n<\/div>\n\n\n\n<figure class=\"wp-block-gallery has-nested-images columns-default is-cropped wp-block-gallery-2 is-layout-flex wp-block-gallery-is-layout-flex\">\n<figure class=\"wp-block-image size-large\"><a href=\"https:\/\/www.gruene-gladbeck.de\/cms\/wp-content\/uploads\/2025\/09\/2-scaled.jpg\"><img loading=\"lazy\" decoding=\"async\" width=\"800\" height=\"1000\" data-id=\"4138\" src=\"https:\/\/www.gruene-gladbeck.de\/cms\/wp-content\/uploads\/2025\/09\/2-800x1000.jpg\" alt=\"\" class=\"wp-image-4138\" srcset=\"https:\/\/www.gruene-gladbeck.de\/cms\/wp-content\/uploads\/2025\/09\/2-800x1000.jpg 800w, https:\/\/www.gruene-gladbeck.de\/cms\/wp-content\/uploads\/2025\/09\/2-400x500.jpg 400w, https:\/\/www.gruene-gladbeck.de\/cms\/wp-content\/uploads\/2025\/09\/2-768x960.jpg 768w, https:\/\/www.gruene-gladbeck.de\/cms\/wp-content\/uploads\/2025\/09\/2-1229x1536.jpg 1229w, https:\/\/www.gruene-gladbeck.de\/cms\/wp-content\/uploads\/2025\/09\/2-1638x2048.jpg 1638w, https:\/\/www.gruene-gladbeck.de\/cms\/wp-content\/uploads\/2025\/09\/2-scaled.jpg 2048w\" sizes=\"auto, (max-width: 800px) 100vw, 800px\" \/><\/a><figcaption class=\"wp-element-caption\">Bernd Lehmann, Ratsmitglied<\/figcaption><\/figure>\n\n\n\n<figure class=\"wp-block-image size-large\"><a href=\"https:\/\/www.gruene-gladbeck.de\/cms\/wp-content\/uploads\/2025\/11\/weiss-scaled.jpg\"><img loading=\"lazy\" decoding=\"async\" width=\"800\" height=\"1000\" data-id=\"4170\" src=\"https:\/\/www.gruene-gladbeck.de\/cms\/wp-content\/uploads\/2025\/11\/weiss-800x1000.jpg\" alt=\"\" class=\"wp-image-4170\" srcset=\"https:\/\/www.gruene-gladbeck.de\/cms\/wp-content\/uploads\/2025\/11\/weiss-800x1000.jpg 800w, https:\/\/www.gruene-gladbeck.de\/cms\/wp-content\/uploads\/2025\/11\/weiss-400x500.jpg 400w, https:\/\/www.gruene-gladbeck.de\/cms\/wp-content\/uploads\/2025\/11\/weiss-768x960.jpg 768w, https:\/\/www.gruene-gladbeck.de\/cms\/wp-content\/uploads\/2025\/11\/weiss-1229x1536.jpg 1229w, https:\/\/www.gruene-gladbeck.de\/cms\/wp-content\/uploads\/2025\/11\/weiss-1638x2048.jpg 1638w, https:\/\/www.gruene-gladbeck.de\/cms\/wp-content\/uploads\/2025\/11\/weiss-scaled.jpg 2048w\" sizes=\"auto, (max-width: 800px) 100vw, 800px\" \/><\/a><\/figure>\n<\/figure>\n\n\n\n<figure class=\"wp-block-gallery has-nested-images columns-default is-cropped wp-block-gallery-3 is-layout-flex wp-block-gallery-is-layout-flex\"><\/figure>\n\n\n\n<div style=\"height:39px\" aria-hidden=\"true\" class=\"wp-block-spacer\"><\/div>\n\n\n\n<p>Unsere Fraktion wird durch weitere sachkundige B\u00fcrger:innen verst\u00e4rkt:<\/p>\n\n\n\n<figure class=\"wp-block-gallery alignwide has-nested-images columns-default is-cropped wp-block-gallery-4 is-layout-flex wp-block-gallery-is-layout-flex\"><\/figure>\n\n\n\n<figure class=\"wp-block-gallery alignwide has-nested-images columns-default is-cropped wp-block-gallery-5 is-layout-flex wp-block-gallery-is-layout-flex\">\n<figure class=\"wp-block-image size-large\"><img loading=\"lazy\" decoding=\"async\" width=\"800\" height=\"1000\" data-id=\"4171\" src=\"https:\/\/www.gruene-gladbeck.de\/cms\/wp-content\/uploads\/2025\/11\/10-800x1000.jpg\" alt=\"Dr. Constanze Chudaska\" class=\"wp-image-4171\" srcset=\"https:\/\/www.gruene-gladbeck.de\/cms\/wp-content\/uploads\/2025\/11\/10-800x1000.jpg 800w, https:\/\/www.gruene-gladbeck.de\/cms\/wp-content\/uploads\/2025\/11\/10-400x500.jpg 400w, https:\/\/www.gruene-gladbeck.de\/cms\/wp-content\/uploads\/2025\/11\/10-768x960.jpg 768w, https:\/\/www.gruene-gladbeck.de\/cms\/wp-content\/uploads\/2025\/11\/10-1229x1536.jpg 1229w, https:\/\/www.gruene-gladbeck.de\/cms\/wp-content\/uploads\/2025\/11\/10-1638x2048.jpg 1638w, https:\/\/www.gruene-gladbeck.de\/cms\/wp-content\/uploads\/2025\/11\/10-scaled.jpg 2048w\" sizes=\"auto, (max-width: 800px) 100vw, 800px\" \/><figcaption class=\"wp-element-caption\">Dr. Constanze Chudaska, sachk. B\u00fcrgerin<\/figcaption><\/figure>\n\n\n\n<figure class=\"wp-block-image size-large\"><img loading=\"lazy\" decoding=\"async\" width=\"800\" height=\"1000\" data-id=\"4172\" src=\"https:\/\/www.gruene-gladbeck.de\/cms\/wp-content\/uploads\/2025\/11\/11-800x1000.jpg\" alt=\"Dietmar Chudaska\" class=\"wp-image-4172\" srcset=\"https:\/\/www.gruene-gladbeck.de\/cms\/wp-content\/uploads\/2025\/11\/11-800x1000.jpg 800w, https:\/\/www.gruene-gladbeck.de\/cms\/wp-content\/uploads\/2025\/11\/11-400x500.jpg 400w, https:\/\/www.gruene-gladbeck.de\/cms\/wp-content\/uploads\/2025\/11\/11-768x960.jpg 768w, https:\/\/www.gruene-gladbeck.de\/cms\/wp-content\/uploads\/2025\/11\/11-1229x1536.jpg 1229w, https:\/\/www.gruene-gladbeck.de\/cms\/wp-content\/uploads\/2025\/11\/11-1638x2048.jpg 1638w, https:\/\/www.gruene-gladbeck.de\/cms\/wp-content\/uploads\/2025\/11\/11-scaled.jpg 2048w\" sizes=\"auto, (max-width: 800px) 100vw, 800px\" \/><figcaption class=\"wp-element-caption\">Dietmar Chudaska, sachk. B\u00fcrger<\/figcaption><\/figure>\n<\/figure>\n\n\n\n<figure class=\"wp-block-gallery has-nested-images columns-default is-cropped wp-block-gallery-6 is-layout-flex wp-block-gallery-is-layout-flex\">\n<figure class=\"wp-block-image size-large\"><a href=\"https:\/\/www.gruene-gladbeck.de\/cms\/wp-content\/uploads\/2025\/09\/6-scaled.jpg\"><img loading=\"lazy\" decoding=\"async\" width=\"800\" height=\"1000\" data-id=\"4141\" src=\"https:\/\/www.gruene-gladbeck.de\/cms\/wp-content\/uploads\/2025\/09\/6-800x1000.jpg\" alt=\"Robin Hetk\u00e4mper\" class=\"wp-image-4141\" srcset=\"https:\/\/www.gruene-gladbeck.de\/cms\/wp-content\/uploads\/2025\/09\/6-800x1000.jpg 800w, https:\/\/www.gruene-gladbeck.de\/cms\/wp-content\/uploads\/2025\/09\/6-400x500.jpg 400w, https:\/\/www.gruene-gladbeck.de\/cms\/wp-content\/uploads\/2025\/09\/6-768x960.jpg 768w, https:\/\/www.gruene-gladbeck.de\/cms\/wp-content\/uploads\/2025\/09\/6-1229x1536.jpg 1229w, https:\/\/www.gruene-gladbeck.de\/cms\/wp-content\/uploads\/2025\/09\/6-1638x2048.jpg 1638w, https:\/\/www.gruene-gladbeck.de\/cms\/wp-content\/uploads\/2025\/09\/6-scaled.jpg 2048w\" sizes=\"auto, (max-width: 800px) 100vw, 800px\" \/><\/a><figcaption class=\"wp-element-caption\">Robin Hetk\u00e4mper, sachk. B\u00fcrger<\/figcaption><\/figure>\n\n\n\n<figure class=\"wp-block-image size-large\"><a href=\"https:\/\/www.gruene-gladbeck.de\/cms\/wp-content\/uploads\/2025\/09\/8-scaled.jpg\"><img loading=\"lazy\" decoding=\"async\" width=\"800\" height=\"1000\" data-id=\"4140\" src=\"https:\/\/www.gruene-gladbeck.de\/cms\/wp-content\/uploads\/2025\/09\/8-800x1000.jpg\" alt=\"Stephanie Kemna\" class=\"wp-image-4140\" srcset=\"https:\/\/www.gruene-gladbeck.de\/cms\/wp-content\/uploads\/2025\/09\/8-800x1000.jpg 800w, https:\/\/www.gruene-gladbeck.de\/cms\/wp-content\/uploads\/2025\/09\/8-400x500.jpg 400w, https:\/\/www.gruene-gladbeck.de\/cms\/wp-content\/uploads\/2025\/09\/8-768x960.jpg 768w, https:\/\/www.gruene-gladbeck.de\/cms\/wp-content\/uploads\/2025\/09\/8-1229x1536.jpg 1229w, https:\/\/www.gruene-gladbeck.de\/cms\/wp-content\/uploads\/2025\/09\/8-1638x2048.jpg 1638w, https:\/\/www.gruene-gladbeck.de\/cms\/wp-content\/uploads\/2025\/09\/8-scaled.jpg 2048w\" sizes=\"auto, (max-width: 800px) 100vw, 800px\" \/><\/a><figcaption class=\"wp-element-caption\">Stephanie Kempa, sachk. B\u00fcrgerin<\/figcaption><\/figure>\n<\/figure>\n\n\n\n<figure class=\"wp-block-gallery alignwide has-nested-images columns-default is-cropped wp-block-gallery-7 is-layout-flex wp-block-gallery-is-layout-flex\">\n<figure class=\"wp-block-image size-large\"><img loading=\"lazy\" decoding=\"async\" width=\"800\" height=\"1000\" data-id=\"4173\" src=\"https:\/\/www.gruene-gladbeck.de\/cms\/wp-content\/uploads\/2025\/11\/13-800x1000.jpg\" alt=\"Peter Kleimann\" class=\"wp-image-4173\" srcset=\"https:\/\/www.gruene-gladbeck.de\/cms\/wp-content\/uploads\/2025\/11\/13-800x1000.jpg 800w, https:\/\/www.gruene-gladbeck.de\/cms\/wp-content\/uploads\/2025\/11\/13-400x500.jpg 400w, https:\/\/www.gruene-gladbeck.de\/cms\/wp-content\/uploads\/2025\/11\/13-768x960.jpg 768w, https:\/\/www.gruene-gladbeck.de\/cms\/wp-content\/uploads\/2025\/11\/13-1229x1536.jpg 1229w, https:\/\/www.gruene-gladbeck.de\/cms\/wp-content\/uploads\/2025\/11\/13-1638x2048.jpg 1638w, https:\/\/www.gruene-gladbeck.de\/cms\/wp-content\/uploads\/2025\/11\/13-scaled.jpg 2048w\" sizes=\"auto, (max-width: 800px) 100vw, 800px\" \/><figcaption class=\"wp-element-caption\">Peter Kleimann, sachk. B\u00fcrger<\/figcaption><\/figure>\n\n\n\n<figure class=\"wp-block-image size-large\"><img loading=\"lazy\" decoding=\"async\" width=\"800\" height=\"1000\" data-id=\"4174\" src=\"https:\/\/www.gruene-gladbeck.de\/cms\/wp-content\/uploads\/2025\/11\/9-800x1000.jpg\" alt=\"Georg Laacks\" class=\"wp-image-4174\" srcset=\"https:\/\/www.gruene-gladbeck.de\/cms\/wp-content\/uploads\/2025\/11\/9-800x1000.jpg 800w, https:\/\/www.gruene-gladbeck.de\/cms\/wp-content\/uploads\/2025\/11\/9-400x500.jpg 400w, https:\/\/www.gruene-gladbeck.de\/cms\/wp-content\/uploads\/2025\/11\/9-768x960.jpg 768w, https:\/\/www.gruene-gladbeck.de\/cms\/wp-content\/uploads\/2025\/11\/9-1229x1536.jpg 1229w, https:\/\/www.gruene-gladbeck.de\/cms\/wp-content\/uploads\/2025\/11\/9-1638x2048.jpg 1638w, https:\/\/www.gruene-gladbeck.de\/cms\/wp-content\/uploads\/2025\/11\/9-scaled.jpg 2048w\" sizes=\"auto, (max-width: 800px) 100vw, 800px\" \/><figcaption class=\"wp-element-caption\">Georg Laacks, sachk. B\u00fcrger<\/figcaption><\/figure>\n<\/figure>\n\n\n\n<figure class=\"wp-block-gallery has-nested-images columns-default is-cropped wp-block-gallery-8 is-layout-flex wp-block-gallery-is-layout-flex\">\n<figure class=\"wp-block-image size-large\"><a href=\"https:\/\/www.gruene-gladbeck.de\/cms\/wp-content\/uploads\/2025\/09\/5-scaled.jpg\"><img loading=\"lazy\" decoding=\"async\" width=\"800\" height=\"1000\" data-id=\"4139\" src=\"https:\/\/www.gruene-gladbeck.de\/cms\/wp-content\/uploads\/2025\/09\/5-800x1000.jpg\" alt=\"\" class=\"wp-image-4139\" srcset=\"https:\/\/www.gruene-gladbeck.de\/cms\/wp-content\/uploads\/2025\/09\/5-800x1000.jpg 800w, https:\/\/www.gruene-gladbeck.de\/cms\/wp-content\/uploads\/2025\/09\/5-400x500.jpg 400w, https:\/\/www.gruene-gladbeck.de\/cms\/wp-content\/uploads\/2025\/09\/5-768x960.jpg 768w, https:\/\/www.gruene-gladbeck.de\/cms\/wp-content\/uploads\/2025\/09\/5-1229x1536.jpg 1229w, https:\/\/www.gruene-gladbeck.de\/cms\/wp-content\/uploads\/2025\/09\/5-1638x2048.jpg 1638w, https:\/\/www.gruene-gladbeck.de\/cms\/wp-content\/uploads\/2025\/09\/5-scaled.jpg 2048w\" sizes=\"auto, (max-width: 800px) 100vw, 800px\" \/><\/a><figcaption class=\"wp-element-caption\">Nicole Uschmann, sachk. B\u00fcrgerin<\/figcaption><\/figure>\n\n\n\n<figure class=\"wp-block-image size-large\"><a href=\"https:\/\/www.gruene-gladbeck.de\/cms\/wp-content\/uploads\/2025\/11\/12-scaled.jpg\"><img loading=\"lazy\" decoding=\"async\" width=\"800\" height=\"1000\" data-id=\"4175\" src=\"https:\/\/www.gruene-gladbeck.de\/cms\/wp-content\/uploads\/2025\/11\/12-800x1000.jpg\" alt=\"\" class=\"wp-image-4175\" srcset=\"https:\/\/www.gruene-gladbeck.de\/cms\/wp-content\/uploads\/2025\/11\/12-800x1000.jpg 800w, https:\/\/www.gruene-gladbeck.de\/cms\/wp-content\/uploads\/2025\/11\/12-400x500.jpg 400w, https:\/\/www.gruene-gladbeck.de\/cms\/wp-content\/uploads\/2025\/11\/12-768x960.jpg 768w, https:\/\/www.gruene-gladbeck.de\/cms\/wp-content\/uploads\/2025\/11\/12-1229x1536.jpg 1229w, https:\/\/www.gruene-gladbeck.de\/cms\/wp-content\/uploads\/2025\/11\/12-1638x2048.jpg 1638w, https:\/\/www.gruene-gladbeck.de\/cms\/wp-content\/uploads\/2025\/11\/12-scaled.jpg 2048w\" sizes=\"auto, (max-width: 800px) 100vw, 800px\" \/><\/a><figcaption class=\"wp-element-caption\">Matthias Winkler, sachk. B\u00fcrger<\/figcaption><\/figure>\n<\/figure>\n\n\n\n<figure class=\"wp-block-gallery has-nested-images columns-default is-cropped wp-block-gallery-9 is-layout-flex wp-block-gallery-is-layout-flex\">\n<figure class=\"wp-block-image size-large\"><a href=\"https:\/\/www.gruene-gladbeck.de\/cms\/wp-content\/uploads\/2025\/12\/miriam_wojke_hochkant-2-scaled.png\"><img loading=\"lazy\" decoding=\"async\" width=\"800\" height=\"1000\" data-id=\"4218\" src=\"https:\/\/www.gruene-gladbeck.de\/cms\/wp-content\/uploads\/2025\/12\/miriam_wojke_hochkant-2-800x1000.png\" alt=\"\" class=\"wp-image-4218\" srcset=\"https:\/\/www.gruene-gladbeck.de\/cms\/wp-content\/uploads\/2025\/12\/miriam_wojke_hochkant-2-800x1000.png 800w, https:\/\/www.gruene-gladbeck.de\/cms\/wp-content\/uploads\/2025\/12\/miriam_wojke_hochkant-2-400x500.png 400w, https:\/\/www.gruene-gladbeck.de\/cms\/wp-content\/uploads\/2025\/12\/miriam_wojke_hochkant-2-768x960.png 768w, https:\/\/www.gruene-gladbeck.de\/cms\/wp-content\/uploads\/2025\/12\/miriam_wojke_hochkant-2-1229x1536.png 1229w, https:\/\/www.gruene-gladbeck.de\/cms\/wp-content\/uploads\/2025\/12\/miriam_wojke_hochkant-2-1638x2048.png 1638w, https:\/\/www.gruene-gladbeck.de\/cms\/wp-content\/uploads\/2025\/12\/miriam_wojke_hochkant-2-scaled.png 2048w\" sizes=\"auto, (max-width: 800px) 100vw, 800px\" \/><\/a><figcaption class=\"wp-element-caption\">Miriam Woijke, sachk. B\u00fcrgerin<\/figcaption><\/figure>\n\n\n\n<figure class=\"wp-block-image size-large\"><a href=\"https:\/\/www.gruene-gladbeck.de\/cms\/wp-content\/uploads\/2025\/11\/weiss-scaled.jpg\"><img loading=\"lazy\" decoding=\"async\" width=\"800\" height=\"1000\" data-id=\"4170\" src=\"https:\/\/www.gruene-gladbeck.de\/cms\/wp-content\/uploads\/2025\/11\/weiss-800x1000.jpg\" alt=\"\" class=\"wp-image-4170\" srcset=\"https:\/\/www.gruene-gladbeck.de\/cms\/wp-content\/uploads\/2025\/11\/weiss-800x1000.jpg 800w, https:\/\/www.gruene-gladbeck.de\/cms\/wp-content\/uploads\/2025\/11\/weiss-400x500.jpg 400w, https:\/\/www.gruene-gladbeck.de\/cms\/wp-content\/uploads\/2025\/11\/weiss-768x960.jpg 768w, https:\/\/www.gruene-gladbeck.de\/cms\/wp-content\/uploads\/2025\/11\/weiss-1229x1536.jpg 1229w, https:\/\/www.gruene-gladbeck.de\/cms\/wp-content\/uploads\/2025\/11\/weiss-1638x2048.jpg 1638w, https:\/\/www.gruene-gladbeck.de\/cms\/wp-content\/uploads\/2025\/11\/weiss-scaled.jpg 2048w\" sizes=\"auto, (max-width: 800px) 100vw, 800px\" \/><\/a><\/figure>\n<\/figure>\n\n\n\n<div style=\"height:39px\" aria-hidden=\"true\" class=\"wp-block-spacer\"><\/div>\n\n\n\n<p><\/p>\n","protected":false},"excerpt":{"rendered":"<p>Politik wird von Menschen gemacht. Wir machen uns f\u00fcr sozial-\u00f6kologische Ziele in Gladbeck stark. Wir sind keine Berufspolitiker. Wir engagieren [&hellip;]<\/p>\n","protected":false},"author":1,"featured_media":0,"parent":3502,"menu_order":1,"comment_status":"closed","ping_status":"open","template":"","meta":{"ngg_post_thumbnail":0,"footnotes":""},"class_list":["post-13","page","type-page","status-publish","hentry"],"_links":{"self":[{"href":"https:\/\/www.gruene-gladbeck.de\/index.php?rest_route=\/wp\/v2\/pages\/13","targetHints":{"allow":["GET"]}}],"collection":[{"href":"https:\/\/www.gruene-gladbeck.de\/index.php?rest_route=\/wp\/v2\/pages"}],"about":[{"href":"https:\/\/www.gruene-gladbeck.de\/index.php?rest_route=\/wp\/v2\/types\/page"}],"author":[{"embeddable":true,"href":"https:\/\/www.gruene-gladbeck.de\/index.php?rest_route=\/wp\/v2\/users\/1"}],"replies":[{"embeddable":true,"href":"https:\/\/www.gruene-gladbeck.de\/index.php?rest_route=%2Fwp%2Fv2%2Fcomments&post=13"}],"version-history":[{"count":85,"href":"https:\/\/www.gruene-gladbeck.de\/index.php?rest_route=\/wp\/v2\/pages\/13\/revisions"}],"predecessor-version":[{"id":4219,"href":"https:\/\/www.gruene-gladbeck.de\/index.php?rest_route=\/wp\/v2\/pages\/13\/revisions\/4219"}],"up":[{"embeddable":true,"href":"https:\/\/www.gruene-gladbeck.de\/index.php?rest_route=\/wp\/v2\/pages\/3502"}],"wp:attachment":[{"href":"https:\/\/www.gruene-gladbeck.de\/index.php?rest_route=%2Fwp%2Fv2%2Fmedia&parent=13"}],"curies":[{"name":"wp","href":"https:\/\/api.w.org\/{rel}","templated":true}]}}