{"id":1694,"date":"2018-11-06T11:18:15","date_gmt":"2018-11-06T10:18:15","guid":{"rendered":"http:\/\/www.gruene-gladbeck.de\/?page_id=1694"},"modified":"2025-01-25T14:06:10","modified_gmt":"2025-01-25T13:06:10","slug":"termine","status":"publish","type":"page","link":"https:\/\/www.gruene-gladbeck.de\/?page_id=1694","title":{"rendered":"Termine"},"content":{"rendered":"\n<figure class=\"wp-block-image size-large\"><a href=\"https:\/\/www.gruene-gladbeck.de\/cms\/wp-content\/uploads\/2021\/12\/calendarwebandi-1.jpg\"><img loading=\"lazy\" decoding=\"async\" width=\"800\" height=\"533\" src=\"https:\/\/www.gruene-gladbeck.de\/cms\/wp-content\/uploads\/2021\/12\/calendarwebandi-1-800x533.jpg\" alt=\"\" class=\"wp-image-3091\" srcset=\"https:\/\/www.gruene-gladbeck.de\/cms\/wp-content\/uploads\/2021\/12\/calendarwebandi-1-800x533.jpg 800w, https:\/\/www.gruene-gladbeck.de\/cms\/wp-content\/uploads\/2021\/12\/calendarwebandi-1-400x267.jpg 400w, https:\/\/www.gruene-gladbeck.de\/cms\/wp-content\/uploads\/2021\/12\/calendarwebandi-1-768x512.jpg 768w, https:\/\/www.gruene-gladbeck.de\/cms\/wp-content\/uploads\/2021\/12\/calendarwebandi-1-1536x1024.jpg 1536w, https:\/\/www.gruene-gladbeck.de\/cms\/wp-content\/uploads\/2021\/12\/calendarwebandi-1.jpg 1920w\" sizes=\"auto, (max-width: 800px) 100vw, 800px\" \/><\/a><\/figure>\n\n\n\n<div style=\"height:40px\" aria-hidden=\"true\" class=\"wp-block-spacer\"><\/div>\n\n\n\n<p>Wir haben regelm\u00e4\u00dfige und unregelm\u00e4\u00dfige Termine, \u00fcber die wir dich an dieser Stelle gerne informieren.<\/p>\n\n\n\n<div style=\"height:40px\" aria-hidden=\"true\" class=\"wp-block-spacer\"><\/div>\n\n\n\n<h2 class=\"wp-block-heading\">Offene Fraktionssitzung<\/h2>\n\n\n\n<p>Die Ratsfraktion trifft sich w\u00f6chentlich zur offenen Fraktionssitzung. Hier besprechen aktuelle kommunale Themen, bereiten anstehende Aussch\u00fcsse vor und berichten aus den Gremien der letzten Woche. Diese Sitzungen sind i.d.R. \u00f6ffentlich und jeder ist herzlich willkommen.<\/p>\n\n\n\n<div style=\"height:40px\" aria-hidden=\"true\" class=\"wp-block-spacer\"><\/div>\n\n\n\n<p><strong>Gr\u00fcnes B\u00fcro<br>Rentforter Stra\u00dfe 60<br>jeden Mittwoch (au\u00dferhalb der Schulferien) um 18:00 Uhr<\/strong><\/p>\n\n\n\n<div style=\"height:40px\" aria-hidden=\"true\" class=\"wp-block-spacer\"><\/div>\n\n\n\n<p><\/p>\n\n\n\n<h2 class=\"wp-block-heading\">Weitere Termine<\/h2>\n\n\n\n<p>Es gibt weitere Angebote, zu denen wir dich gerne einladen:<\/p>\n\n\n\n<ul class=\"wp-block-list\">\n<li>Infost\u00e4nde<\/li>\n\n\n\n<li>Neugierigenstammtische<\/li>\n\n\n\n<li>Neumitgliedertreffen<\/li>\n\n\n\n<li>Mitgliederversammlungen<\/li>\n\n\n\n<li>Infoabende<\/li>\n<\/ul>\n\n\n\n<p>Wir informieren dich gerne, sobald ein konkreter Termin geplant ist. Nimm gerne <a href=\"https:\/\/www.gruene-gladbeck.de\/?page_id=2643\">Kontakt<\/a> zu uns auf.<\/p>\n\n\n\n<div style=\"height:40px\" aria-hidden=\"true\" class=\"wp-block-spacer\"><\/div>\n\n\n\n<h2 class=\"wp-block-heading\">Eine \u00dcbersicht zu den aktuellen Terminen findest du <a href=\"https:\/\/www.gruene-gladbeck.de\/?post_type=sunflower_event\">hier<\/a>!<\/h2>\n\n\n\n<h3 class=\"wp-block-heading\">&nbsp;<\/h3>\n","protected":false},"excerpt":{"rendered":"<p>Wir haben regelm\u00e4\u00dfige und unregelm\u00e4\u00dfige Termine, \u00fcber die wir dich an dieser Stelle gerne informieren. Offene Fraktionssitzung Die Ratsfraktion trifft [&hellip;]<\/p>\n","protected":false},"author":7,"featured_media":0,"parent":3043,"menu_order":1,"comment_status":"closed","ping_status":"closed","template":"","meta":{"ngg_post_thumbnail":0,"footnotes":""},"class_list":["post-1694","page","type-page","status-publish","hentry"],"_links":{"self":[{"href":"https:\/\/www.gruene-gladbeck.de\/index.php?rest_route=\/wp\/v2\/pages\/1694","targetHints":{"allow":["GET"]}}],"collection":[{"href":"https:\/\/www.gruene-gladbeck.de\/index.php?rest_route=\/wp\/v2\/pages"}],"about":[{"href":"https:\/\/www.gruene-gladbeck.de\/index.php?rest_route=\/wp\/v2\/types\/page"}],"author":[{"embeddable":true,"href":"https:\/\/www.gruene-gladbeck.de\/index.php?rest_route=\/wp\/v2\/users\/7"}],"replies":[{"embeddable":true,"href":"https:\/\/www.gruene-gladbeck.de\/index.php?rest_route=%2Fwp%2Fv2%2Fcomments&post=1694"}],"version-history":[{"count":68,"href":"https:\/\/www.gruene-gladbeck.de\/index.php?rest_route=\/wp\/v2\/pages\/1694\/revisions"}],"predecessor-version":[{"id":3842,"href":"https:\/\/www.gruene-gladbeck.de\/index.php?rest_route=\/wp\/v2\/pages\/1694\/revisions\/3842"}],"up":[{"embeddable":true,"href":"https:\/\/www.gruene-gladbeck.de\/index.php?rest_route=\/wp\/v2\/pages\/3043"}],"wp:attachment":[{"href":"https:\/\/www.gruene-gladbeck.de\/index.php?rest_route=%2Fwp%2Fv2%2Fmedia&parent=1694"}],"curies":[{"name":"wp","href":"https:\/\/api.w.org\/{rel}","templated":true}]}}