{"id":3043,"date":"2021-12-30T12:46:18","date_gmt":"2021-12-30T11:46:18","guid":{"rendered":"http:\/\/www.gruene-gladbeck.de\/?page_id=3043"},"modified":"2021-12-30T12:56:58","modified_gmt":"2021-12-30T11:56:58","slug":"gruene-startseite","status":"publish","type":"page","link":"https:\/\/www.gruene-gladbeck.de\/","title":{"rendered":"GR\u00dcNE Startseite"},"content":{"rendered":"<script type=\"text\/javascript\">\r\ndocument.addEventListener(\"DOMContentLoaded\", function(event) { \r\n\tjQuery( '#slider-pro-3-3100' ).sliderPro({\r\n\t\t\/\/width\r\n\t\t\t\tforceSize: 'fullWidth',\r\n\t\t\t\t\r\n\t\t\/\/height\r\n\t\t\t\theight: 200,\r\n\t\t\t\t\r\n\t\t\/\/auto play\r\n\t\t\t\tautoplay:  true,\r\n\t\tautoplayOnHover: 'none',\r\n\t\t\t\t\t\t\t\tautoplayDelay: 5000,\r\n\t\t\r\n\t\t\r\n\t\tarrows: true,\r\n\t\tbuttons: true,\r\n\t\tsmallSize: 500,\r\n\t\tmediumSize: 1000,\r\n\t\tlargeSize: 3000,\r\n\t\tfade: false,\r\n\t\t\r\n\t\t\/\/thumbnail\r\n\t\tthumbnailArrows: true,\r\n\t\tthumbnailWidth: 120,\r\n\t\tthumbnailHeight: 200,\r\n\t\t\t\t\t\t\t\tcenterImage: true,\r\n\t\timageScaleMode: 'cover',\r\n\t\tallowScaleUp: true,\r\n\t\t\t\tstartSlide: 0,\r\n\t\tloop: true,\r\n\t\tslideDistance: 5,\r\n\t\tautoplayDirection: 'normal',\r\n\t\ttouchSwipe: true,\r\n\t\tfullScreen: false,\r\n\t});\r\n});\r\n<\/script>\r\n\r\n\t\t<div id=\"slider-pro-3-3100\" class=\"slider-pro\">\r\n\t\t\t<!---- slides div start ---->\r\n\t\t\t<div class=\"sp-slides\">\r\n\t\t\t\t\t\t\t\t\t\t<div class=\"sp-slide\">\r\n\t\t\t\t\t\t\t<img decoding=\"async\" class=\"sp-image\" loading=\"lazy\" alt=\"rathaus\" src=\"https:\/\/www.gruene-gladbeck.de\/cms\/wp-content\/plugins\/ultimate-responsive-image-slider\/assets\/css\/images\/blank.gif\" data-src=\"https:\/\/www.gruene-gladbeck.de\/cms\/wp-content\/uploads\/2021\/12\/rathaus-scaled.jpeg\" \/>\r\n\r\n\t\t\t\t\t\t\t\r\n\t\t\t\t\t\t\t\t\t\t\t\t\t<\/div>\r\n\t\t\t\t\t\t\t\t\t\t\t\t<div class=\"sp-slide\">\r\n\t\t\t\t\t\t\t<img decoding=\"async\" class=\"sp-image\" loading=\"lazy\" alt=\"Schloss Wittringen\" src=\"https:\/\/www.gruene-gladbeck.de\/cms\/wp-content\/plugins\/ultimate-responsive-image-slider\/assets\/css\/images\/blank.gif\" data-src=\"https:\/\/www.gruene-gladbeck.de\/cms\/wp-content\/uploads\/2021\/12\/DSC_0568-1-scaled.jpg\" \/>\r\n\r\n\t\t\t\t\t\t\t\r\n\t\t\t\t\t\t\t\t\t\t\t\t\t<\/div>\r\n\t\t\t\t\t\t\t\t\t\t\t\t<div class=\"sp-slide\">\r\n\t\t\t\t\t\t\t<img decoding=\"async\" class=\"sp-image\" loading=\"lazy\" alt=\"ampel\" src=\"https:\/\/www.gruene-gladbeck.de\/cms\/wp-content\/plugins\/ultimate-responsive-image-slider\/assets\/css\/images\/blank.gif\" data-src=\"https:\/\/www.gruene-gladbeck.de\/cms\/wp-content\/uploads\/2021\/12\/ampel-scaled.jpeg\" \/>\r\n\r\n\t\t\t\t\t\t\t\r\n\t\t\t\t\t\t\t\t\t\t\t\t\t<\/div>\r\n\t\t\t\t\t\t\t\t\t\t\t\t<div class=\"sp-slide\">\r\n\t\t\t\t\t\t\t<img decoding=\"async\" class=\"sp-image\" loading=\"lazy\" alt=\"halde\" src=\"https:\/\/www.gruene-gladbeck.de\/cms\/wp-content\/plugins\/ultimate-responsive-image-slider\/assets\/css\/images\/blank.gif\" data-src=\"https:\/\/www.gruene-gladbeck.de\/cms\/wp-content\/uploads\/2021\/12\/halde-scaled.jpeg\" \/>\r\n\r\n\t\t\t\t\t\t\t\r\n\t\t\t\t\t\t\t\t\t\t\t\t\t<\/div>\r\n\t\t\t\t\t\t\t\t\t\t\t\t<div class=\"sp-slide\">\r\n\t\t\t\t\t\t\t<img decoding=\"async\" class=\"sp-image\" loading=\"lazy\" alt=\"schuerenkamp\" src=\"https:\/\/www.gruene-gladbeck.de\/cms\/wp-content\/plugins\/ultimate-responsive-image-slider\/assets\/css\/images\/blank.gif\" data-src=\"https:\/\/www.gruene-gladbeck.de\/cms\/wp-content\/uploads\/2021\/12\/schuerenkamp-scaled.jpg\" \/>\r\n\r\n\t\t\t\t\t\t\t\r\n\t\t\t\t\t\t\t\t\t\t\t\t\t<\/div>\r\n\t\t\t\t\t\t\t\t\t\t\t\t<div class=\"sp-slide\">\r\n\t\t\t\t\t\t\t<img decoding=\"async\" class=\"sp-image\" loading=\"lazy\" alt=\"critical\" src=\"https:\/\/www.gruene-gladbeck.de\/cms\/wp-content\/plugins\/ultimate-responsive-image-slider\/assets\/css\/images\/blank.gif\" data-src=\"https:\/\/www.gruene-gladbeck.de\/cms\/wp-content\/uploads\/2021\/12\/critical-scaled.jpeg\" \/>\r\n\r\n\t\t\t\t\t\t\t\r\n\t\t\t\t\t\t\t\t\t\t\t\t\t<\/div>\r\n\t\t\t\t\t\t\t\t\t\t\t\t<div class=\"sp-slide\">\r\n\t\t\t\t\t\t\t<img decoding=\"async\" class=\"sp-image\" loading=\"lazy\" alt=\"IMG_9590\" src=\"https:\/\/www.gruene-gladbeck.de\/cms\/wp-content\/plugins\/ultimate-responsive-image-slider\/assets\/css\/images\/blank.gif\" data-src=\"https:\/\/www.gruene-gladbeck.de\/cms\/wp-content\/uploads\/2022\/10\/IMG_9590-scaled.jpeg\" \/>\r\n\r\n\t\t\t\t\t\t\t\r\n\t\t\t\t\t\t\t\t\t\t\t\t\t<\/div>\r\n\t\t\t\t\t\t\t\t\t\t\t\t<div class=\"sp-slide\">\r\n\t\t\t\t\t\t\t<img decoding=\"async\" class=\"sp-image\" loading=\"lazy\" alt=\"P1040961\" src=\"https:\/\/www.gruene-gladbeck.de\/cms\/wp-content\/plugins\/ultimate-responsive-image-slider\/assets\/css\/images\/blank.gif\" data-src=\"https:\/\/www.gruene-gladbeck.de\/cms\/wp-content\/uploads\/2022\/10\/P1040961-scaled.jpg\" \/>\r\n\r\n\t\t\t\t\t\t\t\r\n\t\t\t\t\t\t\t\t\t\t\t\t\t<\/div>\r\n\t\t\t\t\t\t\t\t\t\t\t\t<div class=\"sp-slide\">\r\n\t\t\t\t\t\t\t<img decoding=\"async\" class=\"sp-image\" loading=\"lazy\" alt=\"IMG_1103\" src=\"https:\/\/www.gruene-gladbeck.de\/cms\/wp-content\/plugins\/ultimate-responsive-image-slider\/assets\/css\/images\/blank.gif\" data-src=\"https:\/\/www.gruene-gladbeck.de\/cms\/wp-content\/uploads\/2022\/10\/IMG_1103-scaled.jpeg\" \/>\r\n\r\n\t\t\t\t\t\t\t\r\n\t\t\t\t\t\t\t\t\t\t\t\t\t<\/div>\r\n\t\t\t\t\t\t\t\t\t<\/div>\r\n\t\t\t\r\n\t\t\t<!---- slides div end ---->\r\n\t\t\t\t\t\t<!-- slides thumbnails div end -->\r\n\t\t<\/div>\r\n\t\t<style>\r\n\/* Layout 3 *\/\r\n\/* border *\/\r\n#slider-pro-3-3100 .sp-selected-thumbnail {\r\n\tborder: 4px solid #000000;\r\n}\r\n\r\n\/* font + color *\/\r\n.title-in  {\r\n\tfont-family: Arial !important;\r\n\tcolor: #FFFFFF !important;\r\n\tbackground-color: #000000 !important;\r\n\topacity: 0.7 !important;\r\n}\r\n.desc-in  {\r\n\tfont-family: Arial !important;\r\n\tcolor: #FFFFFF !important;\r\n\tbackground-color: #00000 !important;\r\n\topacity: 0.7 !important;\r\n}\r\n\r\n\/* bullets color *\/\r\n.sp-button  {\r\n\tborder: 2px solid #000000 !important;\r\n}\r\n.sp-selected-button  {\r\n\tbackground-color: #000000 !important;\r\n}\r\n\r\n\/* pointer color - bottom *\/\r\n\r\n\/* pointer color - top *\/\r\n\r\n\/* full screen icon *\/\r\n.sp-full-screen-button::before {\r\n    color: #FFFFFF !important;\r\n}\r\n\r\n\/* hover navigation icon color *\/\r\n.sp-next-arrow::after, .sp-next-arrow::before {\r\n\tbackground-color: #FFFFFF !important;\r\n}\r\n.sp-previous-arrow::after, .sp-previous-arrow::before {\r\n\tbackground-color: #FFFFFF !important;\r\n}\r\n\r\n#slider-pro-3-3100 .title-in {\r\n\tcolor: #FFFFFF !important;\r\n\tfont-weight: bolder;\r\n\ttext-align: center;\r\n}\r\n\r\n#slider-pro-3-3100 .title-in-bg {\r\n\tbackground: rgba(255, 255, 255, 0.7); !important;\r\n\twhite-space: unset !important;\r\n\ttransform: initial !important;\r\n\t-webkit-transform: initial !important;\r\n\tfont-size: 14px !important;\r\n}\r\n\r\n#slider-pro-3-3100 .desc-in {\r\n\tcolor: #FFFFFF !important;\r\n\ttext-align: center;\r\n}\r\n#slider-pro-3-3100 .desc-in-bg {\r\n\tbackground: rgba(#00000, 0.7) !important;\r\n\twhite-space: unset !important;\r\n\ttransform: initial !important;\r\n\t-webkit-transform: initial !important;\r\n\tfont-size: 13px !important;\r\n}\r\n\r\n@media (max-width: 640px) {\r\n\t#slider-pro-3-3100 .hide-small-screen {\r\n\t\tdisplay: none;\r\n\t}\r\n}\r\n\r\n@media (max-width: 860px) {\r\n\t#slider-pro-3-3100 .sp-layer {\r\n\t\tfont-size: 18px;\r\n\t}\r\n\t\r\n\t#slider-pro-3-3100 .hide-medium-screen {\r\n\t\tdisplay: none;\r\n\t}\r\n}\r\n.slides-not-found {\r\n\tbackground-color: #a92929;\r\n\tborder-radius: 5px;\r\n\tcolor: #fff;\r\n\tfont-family: initial;\r\n\ttext-align: center;\r\n\tpadding:12px;\r\n}\r\n\/* Custom CSS *\/\r\n<\/style>\r\n\n\n\n<div class=\"has-background latest-posts wp-block-sunflower-latest-posts\">\n        <div class=\"wp-block-group__inner-container\">\n            <h2 class=\"text-center h1\">Aktuelles<\/h2>\n                <div class=\"row\" data-masonry='{\"percentPosition\": true }'><div class=\"col-md-6\">\n<article id=\"post-4262\" class=\"bg-white mb-4 has-shadow post-4262 post type-post status-publish format-standard has-post-thumbnail hentry category-allgemein\">\n\t<div class=\"\">\n\t\t\t\t\t<div class=\"\">\n\t\t\t\t<a href=\"https:\/\/www.gruene-gladbeck.de\/?p=4262\" aria-label=\"Post Thumbnail\" rel=\"bookmark\">\n\t\t\t\t\t\t\t\t<img loading=\"lazy\" decoding=\"async\" width=\"768\" height=\"432\" src=\"https:\/\/www.gruene-gladbeck.de\/cms\/wp-content\/uploads\/2026\/03\/8c57fd0e-0f2e-4daf-b083-1292a2eb4cc9-768x432.jpeg\" class=\"post-thumbnail wp-post-image\" alt=\"Wir fordern transparente Priorisierung und eine nachhaltige Strategie bei Stra\u00dfensanierungen in Gladbeck\" \/>\n\n\t\t\t\t\t\t\t<\/a>\n\t\t\t<\/div>\n\t\t\t\t\t<div class=\"p-45\">\n\t\t\t<header class=\"entry-header mb-2\">\n\t\t\t\t\t\t\t\t<h2 class=\"card-title h4 mb-3\"><a href=\"https:\/\/www.gruene-gladbeck.de\/?p=4262\" rel=\"bookmark\">Wir fordern transparente Priorisierung und eine nachhaltige Strategie bei Stra\u00dfensanierungen in Gladbeck<\/a><\/h2>\t\t\t\t\t<div class=\"entry-meta mb-3\">\n\t\t\t\t\t\t<span class=\"posted-on\"><time class=\"entry-date published\" datetime=\"2026-03-28T11:46:55+01:00\">28. M\u00e4rz 2026<\/time><time class=\"updated\" datetime=\"2026-03-28T11:48:22+01:00\">28. M\u00e4rz 2026<\/time><\/span>\t\t\t\t\t<\/div><!-- .entry-meta -->\n\t\t\t\t\t\t\t\t<\/header><!-- .entry-header -->\n\n\t\t\t<div class=\"entry-content\">\n\t\t\t\t<a href=\"https:\/\/www.gruene-gladbeck.de\/?p=4262\" rel=\"bookmark\">\n\t\t\t\t<p>Wir haben beantragt, das Thema \u201eSanierung von Stra\u00dfen im DSK-Verfahren \u2013 Bewertung, Priorisierung und strategische Ausrichtung der Stra\u00dfenerhaltung\u201c auf die [&hellip;]<\/p>\n\t\t\t\t<\/a>\n\t\t\t<\/div><!-- .entry-content -->\n\n\t\t\t<footer class=\"entry-footer\">\n\t\t\t\t\t\t\t<div class=\"d-flex mt-2 mb-2\">\n\t\t\t\t\t\t\t\t<div>\n\t\t<span class=\"cat-links small\"><a href=\"https:\/\/www.gruene-gladbeck.de\/?cat=1\" rel=\"category\">Allgemein<\/a><\/span>\n\t\t\t\t<\/div>\n\t\t\t<\/div>\n\t\t\n\t\t\t\t<div class=\"d-flex flex-row-reverse\">\n\t\t\t\t\t<a href=\"https:\/\/www.gruene-gladbeck.de\/?p=4262\" rel=\"bookmark\" class=\"continue-reading\">\n\t\t\t\t\tweiterlesen\t\t\t\t<\/a>\n\t\t\t\t<\/div>\n\t\t\t<\/footer><!-- .entry-footer -->\n\t\t<\/div>\n\t<\/div>\n<\/article><!-- #post-4262 -->\n<\/div><div class=\"col-md-6\">\n<article id=\"post-4255\" class=\"bg-white mb-4 has-shadow post-4255 post type-post status-publish format-standard has-post-thumbnail hentry category-allgemein category-verkehr\">\n\t<div class=\"\">\n\t\t\t\t\t<div class=\"\">\n\t\t\t\t<a href=\"https:\/\/www.gruene-gladbeck.de\/?p=4255\" aria-label=\"Post Thumbnail\" rel=\"bookmark\">\n\t\t\t\t\t\t\t\t<img loading=\"lazy\" decoding=\"async\" width=\"768\" height=\"432\" src=\"https:\/\/www.gruene-gladbeck.de\/cms\/wp-content\/uploads\/2026\/03\/DSC_0552-768x432.jpg\" class=\"post-thumbnail wp-post-image\" alt=\"Fahrradstra\u00dfe in der Friedrichstra\u00dfe: GR\u00dcNE begr\u00fc\u00dfen Umsetzung ihres Antrags\" \/>\n\n\t\t\t\t\t\t\t<\/a>\n\t\t\t<\/div>\n\t\t\t\t\t<div class=\"p-45\">\n\t\t\t<header class=\"entry-header mb-2\">\n\t\t\t\t\t\t\t\t<h2 class=\"card-title h4 mb-3\"><a href=\"https:\/\/www.gruene-gladbeck.de\/?p=4255\" rel=\"bookmark\">Fahrradstra\u00dfe in der Friedrichstra\u00dfe: GR\u00dcNE begr\u00fc\u00dfen Umsetzung ihres Antrags<\/a><\/h2>\t\t\t\t\t<div class=\"entry-meta mb-3\">\n\t\t\t\t\t\t<span class=\"posted-on\"><time class=\"entry-date published\" datetime=\"2026-03-08T10:19:35+01:00\">8. M\u00e4rz 2026<\/time><time class=\"updated\" datetime=\"2026-03-08T10:20:39+01:00\">8. M\u00e4rz 2026<\/time><\/span>\t\t\t\t\t<\/div><!-- .entry-meta -->\n\t\t\t\t\t\t\t\t<\/header><!-- .entry-header -->\n\n\t\t\t<div class=\"entry-content\">\n\t\t\t\t<a href=\"https:\/\/www.gruene-gladbeck.de\/?p=4255\" rel=\"bookmark\">\n\t\t\t\t<p>Die Ratsfraktion von B\u00fcndnis 90\/DIE GR\u00dcNEN begr\u00fc\u00dft die geplante Einrichtung der Fahrradstra\u00dfe auf der Friedrichstra\u00dfe. Damit wird ein Antrag umgesetzt, [&hellip;]<\/p>\n\t\t\t\t<\/a>\n\t\t\t<\/div><!-- .entry-content -->\n\n\t\t\t<footer class=\"entry-footer\">\n\t\t\t\t\t\t\t<div class=\"d-flex mt-2 mb-2\">\n\t\t\t\t\t\t\t\t<div>\n\t\t<span class=\"cat-links small\"><a href=\"https:\/\/www.gruene-gladbeck.de\/?cat=1\" rel=\"category\">Allgemein<\/a>, <a href=\"https:\/\/www.gruene-gladbeck.de\/?cat=142\" rel=\"category\">Verkehr<\/a><\/span>\n\t\t\t\t<\/div>\n\t\t\t<\/div>\n\t\t\n\t\t\t\t<div class=\"d-flex flex-row-reverse\">\n\t\t\t\t\t<a href=\"https:\/\/www.gruene-gladbeck.de\/?p=4255\" rel=\"bookmark\" class=\"continue-reading\">\n\t\t\t\t\tweiterlesen\t\t\t\t<\/a>\n\t\t\t\t<\/div>\n\t\t\t<\/footer><!-- .entry-footer -->\n\t\t<\/div>\n\t<\/div>\n<\/article><!-- #post-4255 -->\n<\/div><div class=\"col-md-6\">\n<article id=\"post-4253\" class=\"bg-white mb-4 has-shadow post-4253 post type-post status-publish format-standard has-post-thumbnail hentry category-verkehr\">\n\t<div class=\"\">\n\t\t\t\t\t<div class=\"\">\n\t\t\t\t<a href=\"https:\/\/www.gruene-gladbeck.de\/?p=4253\" aria-label=\"Post Thumbnail\" rel=\"bookmark\">\n\t\t\t\t\t\t\t\t<img loading=\"lazy\" decoding=\"async\" width=\"768\" height=\"576\" src=\"https:\/\/www.gruene-gladbeck.de\/cms\/wp-content\/uploads\/2025\/05\/IMG_9593-768x576.jpeg\" class=\"post-thumbnail wp-post-image\" alt=\"GR\u00dcNE Gladbeck: Bewegung auf der Bahnstrecke \u2013 Rat hat Bahn-Chaos klar benannt\" \/>\n\n\t\t\t\t\t\t\t<\/a>\n\t\t\t<\/div>\n\t\t\t\t\t<div class=\"p-45\">\n\t\t\t<header class=\"entry-header mb-2\">\n\t\t\t\t\t\t\t\t<h2 class=\"card-title h4 mb-3\"><a href=\"https:\/\/www.gruene-gladbeck.de\/?p=4253\" rel=\"bookmark\">GR\u00dcNE Gladbeck: Bewegung auf der Bahnstrecke \u2013 Rat hat Bahn-Chaos klar benannt<\/a><\/h2>\t\t\t\t\t<div class=\"entry-meta mb-3\">\n\t\t\t\t\t\t<span class=\"posted-on\"><time class=\"entry-date published\" datetime=\"2026-03-07T12:14:48+01:00\">7. M\u00e4rz 2026<\/time><time class=\"updated\" datetime=\"2026-03-07T12:14:50+01:00\">7. M\u00e4rz 2026<\/time><\/span>\t\t\t\t\t<\/div><!-- .entry-meta -->\n\t\t\t\t\t\t\t\t<\/header><!-- .entry-header -->\n\n\t\t\t<div class=\"entry-content\">\n\t\t\t\t<a href=\"https:\/\/www.gruene-gladbeck.de\/?p=4253\" rel=\"bookmark\">\n\t\t\t\t<p>Es gibt Bewegung auf der wichtigen Bahnverbindung zwischen Gladbeck, Bottrop und Essen. Nach monatelangen Einschr\u00e4nkungen soll der eingleisige Notbetrieb auf [&hellip;]<\/p>\n\t\t\t\t<\/a>\n\t\t\t<\/div><!-- .entry-content -->\n\n\t\t\t<footer class=\"entry-footer\">\n\t\t\t\t\t\t\t<div class=\"d-flex mt-2 mb-2\">\n\t\t\t\t\t\t\t\t<div>\n\t\t<span class=\"cat-links small\"><a href=\"https:\/\/www.gruene-gladbeck.de\/?cat=142\" rel=\"category\">Verkehr<\/a><\/span>\n\t\t\t\t<\/div>\n\t\t\t<\/div>\n\t\t\n\t\t\t\t<div class=\"d-flex flex-row-reverse\">\n\t\t\t\t\t<a href=\"https:\/\/www.gruene-gladbeck.de\/?p=4253\" rel=\"bookmark\" class=\"continue-reading\">\n\t\t\t\t\tweiterlesen\t\t\t\t<\/a>\n\t\t\t\t<\/div>\n\t\t\t<\/footer><!-- .entry-footer -->\n\t\t<\/div>\n\t<\/div>\n<\/article><!-- #post-4253 -->\n<\/div><div class=\"col-md-6\">\n<article id=\"post-4248\" class=\"bg-white mb-4 has-shadow post-4248 post type-post status-publish format-standard has-post-thumbnail hentry category-allgemein category-finanzen\">\n\t<div class=\"\">\n\t\t\t\t\t<div class=\"\">\n\t\t\t\t<a href=\"https:\/\/www.gruene-gladbeck.de\/?p=4248\" aria-label=\"Post Thumbnail\" rel=\"bookmark\">\n\t\t\t\t\t\t\t\t<img loading=\"lazy\" decoding=\"async\" width=\"768\" height=\"432\" src=\"https:\/\/www.gruene-gladbeck.de\/cms\/wp-content\/uploads\/2026\/02\/ninja_16_9-768x432.jpg\" class=\"post-thumbnail wp-post-image\" alt=\"Rede zum Haushaltsentwurf 2025\" \/>\n\n\t\t\t\t\t\t\t<\/a>\n\t\t\t<\/div>\n\t\t\t\t\t<div class=\"p-45\">\n\t\t\t<header class=\"entry-header mb-2\">\n\t\t\t\t\t\t\t\t<h2 class=\"card-title h4 mb-3\"><a href=\"https:\/\/www.gruene-gladbeck.de\/?p=4248\" rel=\"bookmark\">Rede zum Haushaltsentwurf 2025<\/a><\/h2>\t\t\t\t\t<div class=\"entry-meta mb-3\">\n\t\t\t\t\t\t<span class=\"posted-on\"><time class=\"entry-date published\" datetime=\"2026-02-12T18:09:39+01:00\">12. Februar 2026<\/time><time class=\"updated\" datetime=\"2026-02-12T18:11:37+01:00\">12. Februar 2026<\/time><\/span>\t\t\t\t\t<\/div><!-- .entry-meta -->\n\t\t\t\t\t\t\t\t<\/header><!-- .entry-header -->\n\n\t\t\t<div class=\"entry-content\">\n\t\t\t\t<a href=\"https:\/\/www.gruene-gladbeck.de\/?p=4248\" rel=\"bookmark\">\n\t\t\t\t<p>Sehr geehrte Frau B\u00fcrgermeisterin,sehr geehrte Frau Neumann, Sehr geehrte Verwaltung,Meine Kolleginnen und Kollegen, Zuschauer:innenmeine Damen und Herren, zun\u00e4chst m\u00f6chte ich [&hellip;]<\/p>\n\t\t\t\t<\/a>\n\t\t\t<\/div><!-- .entry-content -->\n\n\t\t\t<footer class=\"entry-footer\">\n\t\t\t\t\t\t\t<div class=\"d-flex mt-2 mb-2\">\n\t\t\t\t\t\t\t\t<div>\n\t\t<span class=\"cat-links small\"><a href=\"https:\/\/www.gruene-gladbeck.de\/?cat=1\" rel=\"category\">Allgemein<\/a>, <a href=\"https:\/\/www.gruene-gladbeck.de\/?cat=4\" rel=\"category\">Haupt &amp; Finanzen<\/a><\/span>\n\t\t\t\t<\/div>\n\t\t\t<\/div>\n\t\t\n\t\t\t\t<div class=\"d-flex flex-row-reverse\">\n\t\t\t\t\t<a href=\"https:\/\/www.gruene-gladbeck.de\/?p=4248\" rel=\"bookmark\" class=\"continue-reading\">\n\t\t\t\t\tweiterlesen\t\t\t\t<\/a>\n\t\t\t\t<\/div>\n\t\t\t<\/footer><!-- .entry-footer -->\n\t\t<\/div>\n\t<\/div>\n<\/article><!-- #post-4248 -->\n<\/div><div class=\"col-md-6\">\n<article id=\"post-4240\" class=\"bg-white mb-4 has-shadow post-4240 post type-post status-publish format-standard has-post-thumbnail hentry category-allgemein\">\n\t<div class=\"\">\n\t\t\t\t\t<div class=\"\">\n\t\t\t\t<a href=\"https:\/\/www.gruene-gladbeck.de\/?p=4240\" aria-label=\"Post Thumbnail\" rel=\"bookmark\">\n\t\t\t\t\t\t\t\t<img loading=\"lazy\" decoding=\"async\" width=\"768\" height=\"576\" src=\"https:\/\/www.gruene-gladbeck.de\/cms\/wp-content\/uploads\/2022\/10\/IMG_9590-768x576.jpeg\" class=\"post-thumbnail wp-post-image\" alt=\"Pendlerchaos auf der S9 und RE 14 muss enden \u2013 Rat soll klare Forderungen an VRR, DB und Land richten\" \/>\n\n\t\t\t\t\t\t\t<\/a>\n\t\t\t<\/div>\n\t\t\t\t\t<div class=\"p-45\">\n\t\t\t<header class=\"entry-header mb-2\">\n\t\t\t\t\t\t\t\t<h2 class=\"card-title h4 mb-3\"><a href=\"https:\/\/www.gruene-gladbeck.de\/?p=4240\" rel=\"bookmark\">Pendlerchaos auf der S9 und RE 14 muss enden \u2013 Rat soll klare Forderungen an VRR, DB und Land richten<\/a><\/h2>\t\t\t\t\t<div class=\"entry-meta mb-3\">\n\t\t\t\t\t\t<span class=\"posted-on\"><time class=\"entry-date published\" datetime=\"2026-01-19T20:35:15+01:00\">19. Januar 2026<\/time><time class=\"updated\" datetime=\"2026-01-19T20:37:43+01:00\">19. Januar 2026<\/time><\/span>\t\t\t\t\t<\/div><!-- .entry-meta -->\n\t\t\t\t\t\t\t\t<\/header><!-- .entry-header -->\n\n\t\t\t<div class=\"entry-content\">\n\t\t\t\t<a href=\"https:\/\/www.gruene-gladbeck.de\/?p=4240\" rel=\"bookmark\">\n\t\t\t\t<p>Seit Wochen k\u00e4mpfen Pendler:innen aus Gladbeck, Bottrop, Dorsten und Recklinghausen mit massiven Ausf\u00e4llen und Versp\u00e4tungen auf der Schienenverbindung Essen Hbf [&hellip;]<\/p>\n\t\t\t\t<\/a>\n\t\t\t<\/div><!-- .entry-content -->\n\n\t\t\t<footer class=\"entry-footer\">\n\t\t\t\t\t\t\t<div class=\"d-flex mt-2 mb-2\">\n\t\t\t\t\t\t\t\t<div>\n\t\t<span class=\"cat-links small\"><a href=\"https:\/\/www.gruene-gladbeck.de\/?cat=1\" rel=\"category\">Allgemein<\/a><\/span>\n\t\t\t\t<\/div>\n\t\t\t<\/div>\n\t\t\n\t\t\t\t<div class=\"d-flex flex-row-reverse\">\n\t\t\t\t\t<a href=\"https:\/\/www.gruene-gladbeck.de\/?p=4240\" rel=\"bookmark\" class=\"continue-reading\">\n\t\t\t\t\tweiterlesen\t\t\t\t<\/a>\n\t\t\t\t<\/div>\n\t\t\t<\/footer><!-- .entry-footer -->\n\t\t<\/div>\n\t<\/div>\n<\/article><!-- #post-4240 -->\n<\/div><div class=\"col-md-6\">\n<article id=\"post-4236\" class=\"bg-white mb-4 has-shadow post-4236 post type-post status-publish format-standard has-post-thumbnail hentry category-finanzen\">\n\t<div class=\"\">\n\t\t\t\t\t<div class=\"\">\n\t\t\t\t<a href=\"https:\/\/www.gruene-gladbeck.de\/?p=4236\" aria-label=\"Post Thumbnail\" rel=\"bookmark\">\n\t\t\t\t\t\t\t\t<img loading=\"lazy\" decoding=\"async\" width=\"768\" height=\"432\" src=\"https:\/\/www.gruene-gladbeck.de\/cms\/wp-content\/uploads\/2025\/12\/titelbernd169-768x432.jpg\" class=\"post-thumbnail wp-post-image\" alt=\"62,9 Millionen Euro Entlastung f\u00fcr Gladbeck: Zentraler Erfolg der Altschuldenregelung \u2013 jetzt ist der Bund am Zug\" \/>\n\n\t\t\t\t\t\t\t<\/a>\n\t\t\t<\/div>\n\t\t\t\t\t<div class=\"p-45\">\n\t\t\t<header class=\"entry-header mb-2\">\n\t\t\t\t\t\t\t\t<h2 class=\"card-title h4 mb-3\"><a href=\"https:\/\/www.gruene-gladbeck.de\/?p=4236\" rel=\"bookmark\">62,9 Millionen Euro Entlastung f\u00fcr Gladbeck: Zentraler Erfolg der Altschuldenregelung \u2013 jetzt ist der Bund am Zug<\/a><\/h2>\t\t\t\t\t<div class=\"entry-meta mb-3\">\n\t\t\t\t\t\t<span class=\"posted-on\"><time class=\"entry-date published\" datetime=\"2025-12-30T19:28:48+01:00\">30. Dezember 2025<\/time><time class=\"updated\" datetime=\"2025-12-30T19:28:50+01:00\">30. Dezember 2025<\/time><\/span>\t\t\t\t\t<\/div><!-- .entry-meta -->\n\t\t\t\t\t\t\t\t<\/header><!-- .entry-header -->\n\n\t\t\t<div class=\"entry-content\">\n\t\t\t\t<a href=\"https:\/\/www.gruene-gladbeck.de\/?p=4236\" rel=\"bookmark\">\n\t\t\t\t<p>Gladbeck wird sp\u00fcrbar entlastet: Im Rahmen des Altschuldenentlastungsgesetzes \u00fcbernimmt die schwarz-gr\u00fcne Landesregierung Nordrhein-Westfalen Schulden der Stadt Gladbeck in H\u00f6he von [&hellip;]<\/p>\n\t\t\t\t<\/a>\n\t\t\t<\/div><!-- .entry-content -->\n\n\t\t\t<footer class=\"entry-footer\">\n\t\t\t\t\t\t\t<div class=\"d-flex mt-2 mb-2\">\n\t\t\t\t\t\t\t\t<div>\n\t\t<span class=\"cat-links small\"><a href=\"https:\/\/www.gruene-gladbeck.de\/?cat=4\" rel=\"category\">Haupt &amp; Finanzen<\/a><\/span>\n\t\t\t\t<\/div>\n\t\t\t<\/div>\n\t\t\n\t\t\t\t<div class=\"d-flex flex-row-reverse\">\n\t\t\t\t\t<a href=\"https:\/\/www.gruene-gladbeck.de\/?p=4236\" rel=\"bookmark\" class=\"continue-reading\">\n\t\t\t\t\tweiterlesen\t\t\t\t<\/a>\n\t\t\t\t<\/div>\n\t\t\t<\/footer><!-- .entry-footer -->\n\t\t<\/div>\n\t<\/div>\n<\/article><!-- #post-4236 -->\n<\/div><div class=\"col-md-6\">\n<article id=\"post-4230\" class=\"bg-white mb-4 has-shadow post-4230 post type-post status-publish format-standard has-post-thumbnail hentry category-allgemein category-klimaschutz category-wirtschaft\">\n\t<div class=\"\">\n\t\t\t\t\t<div class=\"\">\n\t\t\t\t<a href=\"https:\/\/www.gruene-gladbeck.de\/?p=4230\" aria-label=\"Post Thumbnail\" rel=\"bookmark\">\n\t\t\t\t\t\t\t\t<img loading=\"lazy\" decoding=\"async\" width=\"768\" height=\"432\" src=\"https:\/\/www.gruene-gladbeck.de\/cms\/wp-content\/uploads\/2025\/12\/IMG_9313-2-768x432.jpg\" class=\"post-thumbnail wp-post-image\" alt=\"Chemiestandorte im n\u00f6rdlichen Ruhrgebiet st\u00e4rken \u2014 Besch\u00e4ftigung sichern, Transformation erm\u00f6glichen\" \/>\n\n\t\t\t\t\t\t\t<\/a>\n\t\t\t<\/div>\n\t\t\t\t\t<div class=\"p-45\">\n\t\t\t<header class=\"entry-header mb-2\">\n\t\t\t\t\t\t\t\t<h2 class=\"card-title h4 mb-3\"><a href=\"https:\/\/www.gruene-gladbeck.de\/?p=4230\" rel=\"bookmark\">Chemiestandorte im n\u00f6rdlichen Ruhrgebiet st\u00e4rken \u2014 Besch\u00e4ftigung sichern, Transformation erm\u00f6glichen<\/a><\/h2>\t\t\t\t\t<div class=\"entry-meta mb-3\">\n\t\t\t\t\t\t<span class=\"posted-on\"><time class=\"entry-date published\" datetime=\"2025-12-21T10:48:15+01:00\">21. Dezember 2025<\/time><time class=\"updated\" datetime=\"2025-12-21T10:48:16+01:00\">21. Dezember 2025<\/time><\/span>\t\t\t\t\t<\/div><!-- .entry-meta -->\n\t\t\t\t\t\t\t\t<\/header><!-- .entry-header -->\n\n\t\t\t<div class=\"entry-content\">\n\t\t\t\t<a href=\"https:\/\/www.gruene-gladbeck.de\/?p=4230\" rel=\"bookmark\">\n\t\t\t\t<p>Vertreter:innen von B\u00dcNDNIS 90\/DIE GR\u00dcNEN aus Gelsenkirchen, Marl, Gladbeck, dem Kreistag Recklinghausen und dem Regionalverband Ruhr (RVR) haben sich in [&hellip;]<\/p>\n\t\t\t\t<\/a>\n\t\t\t<\/div><!-- .entry-content -->\n\n\t\t\t<footer class=\"entry-footer\">\n\t\t\t\t\t\t\t<div class=\"d-flex mt-2 mb-2\">\n\t\t\t\t\t\t\t\t<div>\n\t\t<span class=\"cat-links small\"><a href=\"https:\/\/www.gruene-gladbeck.de\/?cat=1\" rel=\"category\">Allgemein<\/a>, <a href=\"https:\/\/www.gruene-gladbeck.de\/?cat=149\" rel=\"category\">Klimaschutz<\/a>, <a href=\"https:\/\/www.gruene-gladbeck.de\/?cat=13\" rel=\"category\">Wirtschaft<\/a><\/span>\n\t\t\t\t<\/div>\n\t\t\t<\/div>\n\t\t\n\t\t\t\t<div class=\"d-flex flex-row-reverse\">\n\t\t\t\t\t<a href=\"https:\/\/www.gruene-gladbeck.de\/?p=4230\" rel=\"bookmark\" class=\"continue-reading\">\n\t\t\t\t\tweiterlesen\t\t\t\t<\/a>\n\t\t\t\t<\/div>\n\t\t\t<\/footer><!-- .entry-footer -->\n\t\t<\/div>\n\t<\/div>\n<\/article><!-- #post-4230 -->\n<\/div><div class=\"col-md-6\">\n<article id=\"post-4225\" class=\"bg-white mb-4 has-shadow post-4225 post type-post status-publish format-standard has-post-thumbnail hentry category-sicherheit-und-ordnung category-soziales\">\n\t<div class=\"\">\n\t\t\t\t\t<div class=\"\">\n\t\t\t\t<a href=\"https:\/\/www.gruene-gladbeck.de\/?p=4225\" aria-label=\"Post Thumbnail\" rel=\"bookmark\">\n\t\t\t\t\t\t\t\t<img loading=\"lazy\" decoding=\"async\" width=\"768\" height=\"432\" src=\"https:\/\/www.gruene-gladbeck.de\/cms\/wp-content\/uploads\/2025\/12\/titel_rtw-768x432.jpg\" class=\"post-thumbnail wp-post-image\" alt=\"Rettungsdienst: Hilfe darf keine Kostenangst ausl\u00f6sen\" \/>\n\n\t\t\t\t\t\t\t<\/a>\n\t\t\t<\/div>\n\t\t\t\t\t<div class=\"p-45\">\n\t\t\t<header class=\"entry-header mb-2\">\n\t\t\t\t\t\t\t\t<h2 class=\"card-title h4 mb-3\"><a href=\"https:\/\/www.gruene-gladbeck.de\/?p=4225\" rel=\"bookmark\">Rettungsdienst: Hilfe darf keine Kostenangst ausl\u00f6sen<\/a><\/h2>\t\t\t\t\t<div class=\"entry-meta mb-3\">\n\t\t\t\t\t\t<span class=\"posted-on\"><time class=\"entry-date published updated\" datetime=\"2025-12-19T11:48:29+01:00\">19. Dezember 2025<\/time><\/span>\t\t\t\t\t<\/div><!-- .entry-meta -->\n\t\t\t\t\t\t\t\t<\/header><!-- .entry-header -->\n\n\t\t\t<div class=\"entry-content\">\n\t\t\t\t<a href=\"https:\/\/www.gruene-gladbeck.de\/?p=4225\" rel=\"bookmark\">\n\t\t\t\t<p>Wir haben im Rat der Stadt Gladbeck die Neufassung der Rettungsgeb\u00fchrensatzung nicht einfach nur beschlossen, sondern entscheidend erg\u00e4nzt. Hintergrund ist [&hellip;]<\/p>\n\t\t\t\t<\/a>\n\t\t\t<\/div><!-- .entry-content -->\n\n\t\t\t<footer class=\"entry-footer\">\n\t\t\t\t\t\t\t<div class=\"d-flex mt-2 mb-2\">\n\t\t\t\t\t\t\t\t<div>\n\t\t<span class=\"cat-links small\"><a href=\"https:\/\/www.gruene-gladbeck.de\/?cat=165\" rel=\"category\">Sicherheit und Ordnung<\/a>, <a href=\"https:\/\/www.gruene-gladbeck.de\/?cat=9\" rel=\"category\">Soziales<\/a><\/span>\n\t\t\t\t<\/div>\n\t\t\t<\/div>\n\t\t\n\t\t\t\t<div class=\"d-flex flex-row-reverse\">\n\t\t\t\t\t<a href=\"https:\/\/www.gruene-gladbeck.de\/?p=4225\" rel=\"bookmark\" class=\"continue-reading\">\n\t\t\t\t\tweiterlesen\t\t\t\t<\/a>\n\t\t\t\t<\/div>\n\t\t\t<\/footer><!-- .entry-footer -->\n\t\t<\/div>\n\t<\/div>\n<\/article><!-- #post-4225 -->\n<\/div><div class=\"col-md-6\">\n<article id=\"post-4206\" class=\"bg-white mb-4 has-shadow post-4206 post type-post status-publish format-standard has-post-thumbnail hentry category-sicherheit-und-ordnung category-soziales\">\n\t<div class=\"\">\n\t\t\t\t\t<div class=\"\">\n\t\t\t\t<a href=\"https:\/\/www.gruene-gladbeck.de\/?p=4206\" aria-label=\"Post Thumbnail\" rel=\"bookmark\">\n\t\t\t\t\t\t\t\t<img loading=\"lazy\" decoding=\"async\" width=\"768\" height=\"432\" src=\"https:\/\/www.gruene-gladbeck.de\/cms\/wp-content\/uploads\/2025\/12\/bezahlkartetitelneu-768x432.jpg\" class=\"post-thumbnail wp-post-image\" alt=\"Keine Bezahlkarte f\u00fcr Gefl\u00fcchtete\u00a0\u00a0\u2013 Wir begr\u00fc\u00dfen klare Empfehlung des Sozialausschusses und fordern Ende der Symbolpolitik\" \/>\n\n\t\t\t\t\t\t\t<\/a>\n\t\t\t<\/div>\n\t\t\t\t\t<div class=\"p-45\">\n\t\t\t<header class=\"entry-header mb-2\">\n\t\t\t\t\t\t\t\t<h2 class=\"card-title h4 mb-3\"><a href=\"https:\/\/www.gruene-gladbeck.de\/?p=4206\" rel=\"bookmark\">Keine Bezahlkarte f\u00fcr Gefl\u00fcchtete\u00a0\u00a0\u2013 Wir begr\u00fc\u00dfen klare Empfehlung des Sozialausschusses und fordern Ende der Symbolpolitik<\/a><\/h2>\t\t\t\t\t<div class=\"entry-meta mb-3\">\n\t\t\t\t\t\t<span class=\"posted-on\"><time class=\"entry-date published\" datetime=\"2025-12-09T20:59:10+01:00\">9. Dezember 2025<\/time><time class=\"updated\" datetime=\"2025-12-10T08:20:11+01:00\">10. Dezember 2025<\/time><\/span>\t\t\t\t\t<\/div><!-- .entry-meta -->\n\t\t\t\t\t\t\t\t<\/header><!-- .entry-header -->\n\n\t\t\t<div class=\"entry-content\">\n\t\t\t\t<a href=\"https:\/\/www.gruene-gladbeck.de\/?p=4206\" rel=\"bookmark\">\n\t\t\t\t<p>Wir begr\u00fc\u00dfen ausdr\u00fccklich die deutliche Empfehlung des Ausschusses f\u00fcr Senioren, Soziales und Gesundheit, von der Opt-Out-Regelung der Bezahlkartenverordnung NRW Gebrauch [&hellip;]<\/p>\n\t\t\t\t<\/a>\n\t\t\t<\/div><!-- .entry-content -->\n\n\t\t\t<footer class=\"entry-footer\">\n\t\t\t\t\t\t\t<div class=\"d-flex mt-2 mb-2\">\n\t\t\t\t\t\t\t\t<div>\n\t\t<span class=\"cat-links small\"><a href=\"https:\/\/www.gruene-gladbeck.de\/?cat=165\" rel=\"category\">Sicherheit und Ordnung<\/a>, <a href=\"https:\/\/www.gruene-gladbeck.de\/?cat=9\" rel=\"category\">Soziales<\/a><\/span>\n\t\t\t\t<\/div>\n\t\t\t<\/div>\n\t\t\n\t\t\t\t<div class=\"d-flex flex-row-reverse\">\n\t\t\t\t\t<a href=\"https:\/\/www.gruene-gladbeck.de\/?p=4206\" rel=\"bookmark\" class=\"continue-reading\">\n\t\t\t\t\tweiterlesen\t\t\t\t<\/a>\n\t\t\t\t<\/div>\n\t\t\t<\/footer><!-- .entry-footer -->\n\t\t<\/div>\n\t<\/div>\n<\/article><!-- #post-4206 -->\n<\/div><div class=\"col-md-6\">\n<article id=\"post-4199\" class=\"bg-white mb-4 has-shadow post-4199 post type-post status-publish format-standard has-post-thumbnail hentry category-allgemein\">\n\t<div class=\"\">\n\t\t\t\t\t<div class=\"\">\n\t\t\t\t<a href=\"https:\/\/www.gruene-gladbeck.de\/?p=4199\" aria-label=\"Post Thumbnail\" rel=\"bookmark\">\n\t\t\t\t\t\t\t\t<img loading=\"lazy\" decoding=\"async\" width=\"768\" height=\"432\" src=\"https:\/\/www.gruene-gladbeck.de\/cms\/wp-content\/uploads\/2025\/12\/IMG_3678-768x432.jpeg\" class=\"post-thumbnail wp-post-image\" alt=\"Gr\u00fcne kritisieren unklare und widerspr\u00fcchliche Praxis des Kommunalen Ordnungsdienstes in der Fu\u00dfg\u00e4ngerzone\" \/>\n\n\t\t\t\t\t\t\t<\/a>\n\t\t\t<\/div>\n\t\t\t\t\t<div class=\"p-45\">\n\t\t\t<header class=\"entry-header mb-2\">\n\t\t\t\t\t\t\t\t<h2 class=\"card-title h4 mb-3\"><a href=\"https:\/\/www.gruene-gladbeck.de\/?p=4199\" rel=\"bookmark\">Gr\u00fcne kritisieren unklare und widerspr\u00fcchliche Praxis des Kommunalen Ordnungsdienstes in der Fu\u00dfg\u00e4ngerzone<\/a><\/h2>\t\t\t\t\t<div class=\"entry-meta mb-3\">\n\t\t\t\t\t\t<span class=\"posted-on\"><time class=\"entry-date published\" datetime=\"2025-12-03T18:00:00+01:00\">3. Dezember 2025<\/time><time class=\"updated\" datetime=\"2025-12-02T19:54:00+01:00\">2. Dezember 2025<\/time><\/span>\t\t\t\t\t<\/div><!-- .entry-meta -->\n\t\t\t\t\t\t\t\t<\/header><!-- .entry-header -->\n\n\t\t\t<div class=\"entry-content\">\n\t\t\t\t<a href=\"https:\/\/www.gruene-gladbeck.de\/?p=4199\" rel=\"bookmark\">\n\t\t\t\t<p>Schreitet der kommunale Ordnungsdienst gleicherma\u00dfen gegen Radfahrende wie gegen Autofahrende in der Gladbecker Fu\u00dfg\u00e4ngerzone ein? Mit der Antwort der Rechts- [&hellip;]<\/p>\n\t\t\t\t<\/a>\n\t\t\t<\/div><!-- .entry-content -->\n\n\t\t\t<footer class=\"entry-footer\">\n\t\t\t\t\t\t\t<div class=\"d-flex mt-2 mb-2\">\n\t\t\t\t\t\t\t\t<div>\n\t\t<span class=\"cat-links small\"><a href=\"https:\/\/www.gruene-gladbeck.de\/?cat=1\" rel=\"category\">Allgemein<\/a><\/span>\n\t\t\t\t<\/div>\n\t\t\t<\/div>\n\t\t\n\t\t\t\t<div class=\"d-flex flex-row-reverse\">\n\t\t\t\t\t<a href=\"https:\/\/www.gruene-gladbeck.de\/?p=4199\" rel=\"bookmark\" class=\"continue-reading\">\n\t\t\t\t\tweiterlesen\t\t\t\t<\/a>\n\t\t\t\t<\/div>\n\t\t\t<\/footer><!-- .entry-footer -->\n\t\t<\/div>\n\t<\/div>\n<\/article><!-- #post-4199 -->\n<\/div><div class=\"col-md-6\">\n<article id=\"post-4193\" class=\"bg-white mb-4 has-shadow post-4193 post type-post status-publish format-standard has-post-thumbnail hentry category-finanzen category-klimaschutz category-schule category-stadtplanung category-umwelt category-verkehr category-wirtschaft\">\n\t<div class=\"\">\n\t\t\t\t\t<div class=\"\">\n\t\t\t\t<a href=\"https:\/\/www.gruene-gladbeck.de\/?p=4193\" aria-label=\"Post Thumbnail\" rel=\"bookmark\">\n\t\t\t\t\t\t\t\t<img loading=\"lazy\" decoding=\"async\" width=\"768\" height=\"432\" src=\"https:\/\/www.gruene-gladbeck.de\/cms\/wp-content\/uploads\/2025\/12\/nrwplantitel-768x432.jpg\" class=\"post-thumbnail wp-post-image\" alt=\"GR\u00dcNE beantragen strategische Nutzung der NRW-Investitionsmittel f\u00fcr\u00a0Gladbecks Infrastruktur\u00a0\u2013\u00a0klare Priorit\u00e4ten gefordert\" \/>\n\n\t\t\t\t\t\t\t<\/a>\n\t\t\t<\/div>\n\t\t\t\t\t<div class=\"p-45\">\n\t\t\t<header class=\"entry-header mb-2\">\n\t\t\t\t\t\t\t\t<h2 class=\"card-title h4 mb-3\"><a href=\"https:\/\/www.gruene-gladbeck.de\/?p=4193\" rel=\"bookmark\">GR\u00dcNE beantragen strategische Nutzung der NRW-Investitionsmittel f\u00fcr\u00a0Gladbecks Infrastruktur\u00a0\u2013\u00a0klare Priorit\u00e4ten gefordert<\/a><\/h2>\t\t\t\t\t<div class=\"entry-meta mb-3\">\n\t\t\t\t\t\t<span class=\"posted-on\"><time class=\"entry-date published\" datetime=\"2025-12-02T18:00:00+01:00\">2. Dezember 2025<\/time><time class=\"updated\" datetime=\"2025-12-02T18:39:54+01:00\">2. Dezember 2025<\/time><\/span>\t\t\t\t\t<\/div><!-- .entry-meta -->\n\t\t\t\t\t\t\t\t<\/header><!-- .entry-header -->\n\n\t\t\t<div class=\"entry-content\">\n\t\t\t\t<a href=\"https:\/\/www.gruene-gladbeck.de\/?p=4193\" rel=\"bookmark\">\n\t\t\t\t<p>In der Sitzung des Ausschusses f\u00fcr Stadtplanung, Verkehr und Bauen am 4. Dezember bringt die Fraktion von B\u00dcNDNIS 90\/DIE GR\u00dcNEN [&hellip;]<\/p>\n\t\t\t\t<\/a>\n\t\t\t<\/div><!-- .entry-content -->\n\n\t\t\t<footer class=\"entry-footer\">\n\t\t\t\t\t\t\t<div class=\"d-flex mt-2 mb-2\">\n\t\t\t\t\t\t\t\t<div>\n\t\t<span class=\"cat-links small\"><a href=\"https:\/\/www.gruene-gladbeck.de\/?cat=4\" rel=\"category\">Haupt &amp; Finanzen<\/a>, <a href=\"https:\/\/www.gruene-gladbeck.de\/?cat=149\" rel=\"category\">Klimaschutz<\/a>, <a href=\"https:\/\/www.gruene-gladbeck.de\/?cat=8\" rel=\"category\">Schule<\/a>, <a href=\"https:\/\/www.gruene-gladbeck.de\/?cat=11\" rel=\"category\">Stadtplanung<\/a>, <a href=\"https:\/\/www.gruene-gladbeck.de\/?cat=12\" rel=\"category\">Umwelt<\/a>, <a href=\"https:\/\/www.gruene-gladbeck.de\/?cat=142\" rel=\"category\">Verkehr<\/a>, <a href=\"https:\/\/www.gruene-gladbeck.de\/?cat=13\" rel=\"category\">Wirtschaft<\/a><\/span>\n\t\t\t\t<\/div>\n\t\t\t<\/div>\n\t\t\n\t\t\t\t<div class=\"d-flex flex-row-reverse\">\n\t\t\t\t\t<a href=\"https:\/\/www.gruene-gladbeck.de\/?p=4193\" rel=\"bookmark\" class=\"continue-reading\">\n\t\t\t\t\tweiterlesen\t\t\t\t<\/a>\n\t\t\t\t<\/div>\n\t\t\t<\/footer><!-- .entry-footer -->\n\t\t<\/div>\n\t<\/div>\n<\/article><!-- #post-4193 -->\n<\/div>\n    <a class=\"text-white no-link d-block bg-primary has-green-550-hover-background-color border-radius\" href=\"https:\/\/www.gruene-gladbeck.de?post_type=post\" rel=\"\">\n        <div class=\"p-45 row\">\n        <span class=\"continue-reading text-white text-center pt-0\">zum Blog-Archiv<\/span>\n        <\/div>\n    <\/a>\n<\/div><\/div><\/div>\n\n\n<div style=\"height:100px\" aria-hidden=\"true\" class=\"wp-block-spacer\"><\/div>\n\n\n\n<div class=\"wp-block-group has-text-color has-background is-layout-flow wp-block-group-is-layout-flow\" style=\"background-color:#163c29;color:#ffffff\">\n<h2 class=\"has-text-align-center h1 wp-block-heading\">Werde aktiv<\/h2>\n\n\n\n<p class=\"has-text-align-center\">Jede und jeder kann in seiner Stadt gr\u00fcne Politik unterst\u00fctzen. Auch du! Werde Mitglied und komm zu uns ins Team. Oder unterst\u00fctze unsere Arbeit vor Ort mit einer Spende. Gr\u00fcne Politik in Gladbeck wird vom Ehrenamt getragen!<\/p>\n\n\n\n<div class=\"wp-block-buttons is-content-justification-center is-layout-flex wp-block-buttons-is-layout-flex\">\n<div class=\"wp-block-button\"><a class=\"wp-block-button__link no-border-radius\" href=\"https:\/\/www.gruene-gladbeck.de\/?page_id=1694\" rel=\"\">Termine<\/a><\/div>\n\n\n\n<div class=\"wp-block-button\"><a class=\"wp-block-button__link no-border-radius\" href=\"https:\/\/www.gruene-gladbeck.de\/?page_id=3104\">Spenden<\/a><\/div>\n\n\n\n<div class=\"wp-block-button\"><a class=\"wp-block-button__link no-border-radius\" href=\"https:\/\/www.gruene.de\/mitglied-werden\">Mitglied werden<\/a><\/div>\n<\/div>\n\n\n\n<p><\/p>\n<\/div>\n\n\n <div class=\"wp-block-group alignfull sunflower-has-background-dim has-text-color has-white-color has-background is-vertical is-content-justification-center is-content-justification-center is-layout-flex wp-block-group-is-layout-flex next-events \">\n                    <div class=\"wp-block-group__inner-container\">\n                        <h2 class=\"wp-block-heading has-text-align-center h1\">N\u00e4chste Termine<\/h2>\n                        <div class=\"wp-block-button text-center mb-5\"><a class=\"wp-block-button__link no-border-radius\" href=\"https:\/\/www.gruene-gladbeck.de\/?post_type=sunflower_event\" rel=\"\">Alle Termine<\/a><\/div>\n                    <div class=\"row\"><div class=\"col-12 text-center h4 text-white\">Derzeit sind keine Veranstaltungen geplant.<\/div><\/div><\/div><\/div>","protected":false},"excerpt":{"rendered":"<p>Werde aktiv Jede und jeder kann in seiner Stadt gr\u00fcne Politik unterst\u00fctzen. Auch du! Werde Mitglied und komm zu uns [&hellip;]<\/p>\n","protected":false},"author":11,"featured_media":0,"parent":0,"menu_order":0,"comment_status":"closed","ping_status":"closed","template":"","meta":{"ngg_post_thumbnail":0,"footnotes":""},"class_list":["post-3043","page","type-page","status-publish","hentry"],"_links":{"self":[{"href":"https:\/\/www.gruene-gladbeck.de\/index.php?rest_route=\/wp\/v2\/pages\/3043","targetHints":{"allow":["GET"]}}],"collection":[{"href":"https:\/\/www.gruene-gladbeck.de\/index.php?rest_route=\/wp\/v2\/pages"}],"about":[{"href":"https:\/\/www.gruene-gladbeck.de\/index.php?rest_route=\/wp\/v2\/types\/page"}],"author":[{"embeddable":true,"href":"https:\/\/www.gruene-gladbeck.de\/index.php?rest_route=\/wp\/v2\/users\/11"}],"replies":[{"embeddable":true,"href":"https:\/\/www.gruene-gladbeck.de\/index.php?rest_route=%2Fwp%2Fv2%2Fcomments&post=3043"}],"version-history":[{"count":20,"href":"https:\/\/www.gruene-gladbeck.de\/index.php?rest_route=\/wp\/v2\/pages\/3043\/revisions"}],"predecessor-version":[{"id":3112,"href":"https:\/\/www.gruene-gladbeck.de\/index.php?rest_route=\/wp\/v2\/pages\/3043\/revisions\/3112"}],"wp:attachment":[{"href":"https:\/\/www.gruene-gladbeck.de\/index.php?rest_route=%2Fwp%2Fv2%2Fmedia&parent=3043"}],"curies":[{"name":"wp","href":"https:\/\/api.w.org\/{rel}","templated":true}]}}