{"id":3418,"date":"2022-10-22T11:18:47","date_gmt":"2022-10-22T10:18:47","guid":{"rendered":"https:\/\/www.gruene-gladbeck.de\/?page_id=3418"},"modified":"2025-01-25T14:02:30","modified_gmt":"2025-01-25T13:02:30","slug":"bernd-lehmann","status":"publish","type":"page","link":"https:\/\/www.gruene-gladbeck.de\/?page_id=3418","title":{"rendered":"Bernd Lehmann"},"content":{"rendered":"\n<h3 class=\"wp-block-heading\">Mein Beruf:<\/h3>\n\n\n\n<p>Stadtplaner (AKNW), Dipl.-Ing.<\/p>\n\n\n\n<h3 class=\"wp-block-heading\">In diesem Stadtteil bin ich zuhause:<\/h3>\n\n\n\n<p>Ich wohne in Gladbeck Ost und genie\u00dfe die N\u00e4he zur Innenstadt.<\/p>\n\n\n\n<h3 class=\"wp-block-heading\">Warum ich f\u00fcr die GR\u00dcNEN aktiv bin:<\/h3>\n\n\n\n<p>Ich m\u00f6chte mich f\u00fcr die Stadt, in der ich mit meiner Familie wohne, engagieren. Die gemeinsame politische Arbeit im gr\u00fcnen Team macht mir Spa\u00df. Im Kleinen kann man einiges ansto\u00dfen und bewegen.<\/p>\n\n\n\n<h3 class=\"wp-block-heading\">Das sind meine Funktionen in der Fraktion:<\/h3>\n\n\n\n<ul class=\"wp-block-list\">\n<li>Mitglied des Rates<\/li>\n\n\n\n<li>stellv. Vorsitzender und Mitglied im Ausschuss f\u00fcr Stadtplanung, Umwelt, Klimaschutz und Mobilit\u00e4t<\/li>\n\n\n\n<li>stellv. Mitglied im Wahlpr\u00fcfungsausschuss<\/li>\n<\/ul>\n\n\n\n<h3 class=\"wp-block-heading\">Das sind meine Funktionen im Stadtverband (Partei):<\/h3>\n\n\n\n<ul class=\"wp-block-list\">\n<li>Stadtverbandsvorsitzender<\/li>\n\n\n\n<li>stellv. Kreisdelegierter<\/li>\n<\/ul>\n\n\n\n<h3 class=\"wp-block-heading\">Hier engagiere ich mich in Gladbeck:<\/h3>\n\n\n\n<ul class=\"wp-block-list\">\n<li>Aktionsb\u00fcndnis &#8222;Gladbeck Mobil&#8220;<\/li>\n\n\n\n<li>Mitglied im Orts- und Heimatverein<\/li>\n\n\n\n<li>Mitglied im Naturschutzbund Gladbeck (NABU)<\/li>\n\n\n\n<li>Mitglied im Bund f\u00fcr Umwelt und Naturschutz Gladbeck (BUND)<\/li>\n\n\n\n<li>Mitglied im F\u00f6rderverein der st\u00e4dtischen Galerie<\/li>\n\n\n\n<li>Mitglied im Allgemeinen Deutschen Fahrradclub Gladbeck (ADFC)<\/li>\n\n\n\n<li>Mitglied im Denk dran e.V.<\/li>\n\n\n\n<li>Mitglied im Internationalen M\u00e4dchenzentrum Gladbeck<\/li>\n\n\n\n<li>Mitglied im Frauenberatungsstelle Gladbeck e.V.<\/li>\n<\/ul>\n\n\n\n<h3 class=\"wp-block-heading\">So erreichst du mich:<\/h3>\n\n\n\n<p><a href=\"#\" data-unscramble=\"ed.kcebdalg-eneurg@nnamhel.dnreb\">bernd.lehmann@gruene-gladbeck.de<\/a><\/p>\n","protected":false},"excerpt":{"rendered":"<p>Mein Beruf: Stadtplaner (AKNW), Dipl.-Ing. In diesem Stadtteil bin ich zuhause: Ich wohne in Gladbeck Ost und genie\u00dfe die N\u00e4he [&hellip;]<\/p>\n","protected":false},"author":11,"featured_media":3419,"parent":13,"menu_order":0,"comment_status":"closed","ping_status":"closed","template":"","meta":{"ngg_post_thumbnail":0,"footnotes":""},"class_list":["post-3418","page","type-page","status-publish","has-post-thumbnail","hentry"],"_links":{"self":[{"href":"https:\/\/www.gruene-gladbeck.de\/index.php?rest_route=\/wp\/v2\/pages\/3418","targetHints":{"allow":["GET"]}}],"collection":[{"href":"https:\/\/www.gruene-gladbeck.de\/index.php?rest_route=\/wp\/v2\/pages"}],"about":[{"href":"https:\/\/www.gruene-gladbeck.de\/index.php?rest_route=\/wp\/v2\/types\/page"}],"author":[{"embeddable":true,"href":"https:\/\/www.gruene-gladbeck.de\/index.php?rest_route=\/wp\/v2\/users\/11"}],"replies":[{"embeddable":true,"href":"https:\/\/www.gruene-gladbeck.de\/index.php?rest_route=%2Fwp%2Fv2%2Fcomments&post=3418"}],"version-history":[{"count":9,"href":"https:\/\/www.gruene-gladbeck.de\/index.php?rest_route=\/wp\/v2\/pages\/3418\/revisions"}],"predecessor-version":[{"id":3840,"href":"https:\/\/www.gruene-gladbeck.de\/index.php?rest_route=\/wp\/v2\/pages\/3418\/revisions\/3840"}],"up":[{"embeddable":true,"href":"https:\/\/www.gruene-gladbeck.de\/index.php?rest_route=\/wp\/v2\/pages\/13"}],"wp:featuredmedia":[{"embeddable":true,"href":"https:\/\/www.gruene-gladbeck.de\/index.php?rest_route=\/wp\/v2\/media\/3419"}],"wp:attachment":[{"href":"https:\/\/www.gruene-gladbeck.de\/index.php?rest_route=%2Fwp%2Fv2%2Fmedia&parent=3418"}],"curies":[{"name":"wp","href":"https:\/\/api.w.org\/{rel}","templated":true}]}}